{"id":304330,"date":"2024-03-03T11:20:19","date_gmt":"2024-03-03T10:20:19","guid":{"rendered":"https:\/\/www.sideaita.it\/?page_id=304330"},"modified":"2025-06-14T10:28:04","modified_gmt":"2025-06-14T08:28:04","slug":"nachhaltigkeit","status":"publish","type":"page","link":"https:\/\/www.sideaita.it\/de\/sostenibilita\/","title":{"rendered":"Nachhaltigkeit"},"content":{"rendered":"<section class=\"section dark\" id=\"section_1671793376\">\n\t\t<div class=\"section-bg fill\" >\n\t\t\t<img loading=\"lazy\" decoding=\"async\" width=\"846\" height=\"400\" src=\"https:\/\/www.sideaita.it\/wp-content\/uploads\/2018\/08\/rope-banner-color.jpg\" class=\"bg attachment- size-\" alt=\"Seil-Funktions-Training\" \/>\t\t\t\t\t\t\n\t\t\t\n\n\t\t<\/div>\n\n\t\t\n\n\t\t<div class=\"section-content relative\">\n\t\t\t\n<div class=\"row align-center row-box-shadow-2 row-box-shadow-3-hover\"  id=\"row-184872518\">\n\n\t<div id=\"col-51043797\" class=\"col small-12 large-12\"  >\n\t\t\t\t<div class=\"col-inner\" style=\"background-color:rgba(255, 255, 255, 0.802);\" >\n\t\t\t\n\t\t\t\n\t<div id=\"text-922061407\" class=\"text\">\n\t\t\n<h1 style=\"text-align: center;\"><span style=\"font-size: 250%;\">Nachhaltigkeit<\/span><\/h1>\n<p>Unternehmerische Nachhaltigkeit ist zu einem Gebot geworden. Sie spiegelt das wachsende Bewusstsein f\u00fcr den untrennbaren Zusammenhang zwischen wirtschaftlichen Praktiken, Umweltauswirkungen und sozialem Wohlergehen wider.<\/p>\n<p>Diesem Konzept liegt der Gedanke zugrunde, dass Unternehmen so arbeiten sollten, dass langfristiger wirtschaftlicher Wohlstand gew\u00e4hrleistet ist, w\u00e4hrend gleichzeitig die negativen Auswirkungen auf die nat\u00fcrlichen Ressourcen minimiert werden und ein positiver Beitrag f\u00fcr die Gesellschaft geleistet wird.<\/p>\n<h3>Drei S\u00e4ulen der Nachhaltigkeit<\/h3>\n<p>Die unternehmerische Nachhaltigkeit basiert auf drei S\u00e4ulen: Wirtschaft, Umwelt und Soziales, oft zusammengefasst als Profit, Planet und Menschen.<\/p>\n<p>Die wirtschaftliche S\u00e4ule betont die Notwendigkeit von Gesch\u00e4ftspraktiken, die finanzielle Nachhaltigkeit und langfristiges Wachstum gew\u00e4hrleisten.<\/p>\n<p>Die Umwelts\u00e4ule konzentriert sich auf die Verringerung des \u00f6kologischen Fu\u00dfabdrucks von Unternehmen durch effizientes Ressourcenmanagement, Abfallminimierung und den Einsatz erneuerbarer Energien. <\/p>\n<p>Die soziale S\u00e4ule zielt darauf ab, die Auswirkungen des Unternehmens auf die Gemeinschaft und die Arbeitnehmer zu verbessern, indem ethische Praktiken, Vielfalt, Gerechtigkeit und Integration gef\u00f6rdert werden.<\/p>\n\t\t\n<style>\n#text-922061407 {\n  color: rgb(25, 24, 24);\n}\n#text-922061407 > * {\n  color: rgb(25, 24, 24);\n}\n<\/style>\n\t<\/div>\n\t\n\t\t<\/div>\n\t\t\t\t\n<style>\n#col-51043797 > .col-inner {\n  padding: 10px 10px 10px 10px;\n  margin: 0px 0px 0px 0px;\n}\n<\/style>\n\t<\/div>\n\n\t\n\n<style>\n#row-184872518 > .col > .col-inner {\n  border-radius: 15px;\n}\n<\/style>\n<\/div>\n\t\t<\/div>\n\n\t\t\n<style>\n#section_1671793376 {\n  padding-top: 30px;\n  padding-bottom: 30px;\n  min-height: 350px;\n}\n#section_1671793376 .section-bg img {\n  object-position: 81% 22%;\n}\n<\/style>\n\t<\/section>\n\t\n\n\t<section class=\"section has-mask mask-arrow has-parallax\" id=\"section_336833821\">\n\t\t<div class=\"section-bg fill\" data-parallax-container=\".section\" data-parallax-background data-parallax=\"-10\">\n\t\t\t<img loading=\"lazy\" decoding=\"async\" width=\"2400\" height=\"750\" src=\"https:\/\/www.sideaita.it\/wp-content\/uploads\/2023\/06\/copertina-3016-Tappetino-Yoga-grigio-6.jpg\" class=\"bg attachment-original size-original\" alt=\"Grauer Yoga-Mattenbezug\" \/>\t\t\t\t\t\t\n\t\t\t\n\n\t\t<\/div>\n\n\t\t\n\n\t\t<div class=\"section-content relative\">\n\t\t\t\n\t<div id=\"gap-1652796208\" class=\"gap-element clearfix\" style=\"display:block; height:auto;\">\n\t\t\n<style>\n#gap-1652796208 {\n  padding-top: 30px;\n}\n<\/style>\n\t<\/div>\n\t\n<div class=\"row align-equal\"  id=\"row-2012578186\">\n\n\t<div id=\"col-989159749\" class=\"col medium-12 small-12 large-4\"  >\n\t\t\t\t<div class=\"col-inner box-shadow-2 box-shadow-3-hover\"  >\n\t\t\t\n\t\t\t\n  <div class=\"icon-box testimonial-box icon-box-center text-center\">\n                <div class=\"icon-box-text p-last-0\">\n          <div class=\"star-rating\" role=\"img\" aria-label=\"Bewertet mit 5 von 5 Punkten\"><span style=\"width:100%\"><strong class=\"rating\"><\/strong><\/span><\/div>  \t\t\t\t<div class=\"testimonial-text line-height-small italic test_text first-reset last-reset is-italic\">\n            \n<h3>Vorteile der unternehmerischen Nachhaltigkeit<\/h3>\n<p>Die Einf\u00fchrung eines nachhaltigen Ansatzes bietet Unternehmen eine Reihe greifbarer Vorteile. In wirtschaftlicher Hinsicht kann sie neue Marktchancen er\u00f6ffnen und die betriebliche Effizienz verbessern, wodurch die Kosten gesenkt und die Wettbewerbsf\u00e4higkeit gesteigert werden.<\/p>\n<p>Unter Umweltgesichtspunkten tr\u00e4gt sie dazu bei, die Ressourcen f\u00fcr k\u00fcnftige Generationen zu erhalten und die Risiken des Klimawandels zu verringern.<\/p>\n<p>In sozialer Hinsicht verbessert sie den Ruf des Unternehmens, zieht Talente an und st\u00e4rkt die Beziehungen zu Kunden und Gemeinschaften, die zunehmend f\u00fcr ethische und \u00f6kologische Fragen sensibilisiert sind.<\/p>\n          <\/div>\n          <div class=\"testimonial-meta pt-half\">\n             <strong class=\"testimonial-name test_name\">Sidea<\/strong>\n                          <span class=\"testimonial-company test_company\"><\/span>\n          <\/div>\n        <\/div>\n  <\/div>\n\n  \n\t\t<\/div>\n\t\t\t\t\t<\/div>\n\n\t\n\n\t<div id=\"col-1765231990\" class=\"col medium-12 small-12 large-4\"  >\n\t\t\t\t<div class=\"col-inner box-shadow-2 box-shadow-3-hover\"  >\n\t\t\t\n\t\t\t\n  <div class=\"icon-box testimonial-box icon-box-center text-center\">\n                <div class=\"icon-box-text p-last-0\">\n          <div class=\"star-rating\" role=\"img\" aria-label=\"Bewertet mit 5 von 5 Punkten\"><span style=\"width:100%\"><strong class=\"rating\"><\/strong><\/span><\/div>  \t\t\t\t<div class=\"testimonial-text line-height-small italic test_text first-reset last-reset is-italic\">\n            \n<h3>Herausforderungen und Chancen<\/h3>\n<p>Trotz zunehmender Akzeptanz ist der \u00dcbergang zur unternehmerischen Nachhaltigkeit mit Herausforderungen verbunden. Dazu geh\u00f6ren die Notwendigkeit, kurzfristige Ziele mit langfristigen Investitionen in Einklang zu bringen und die inh\u00e4rente Komplexit\u00e4t des Gleichgewichts zwischen den drei S\u00e4ulen zu bew\u00e4ltigen.<\/p>\n<p>Angesichts des zunehmenden Drucks von Verbrauchern, Investoren und Aufsichtsbeh\u00f6rden in Bezug auf nachhaltigeres Wirtschaften k\u00f6nnen Unternehmen, die diese Praktiken vorhersehen und umsetzen, nicht nur Risiken mindern, sondern auch neue Chancen nutzen und den Wandel hin zu einer nachhaltigeren und widerstandsf\u00e4higeren Zukunft vorantreiben.<\/p>\n          <\/div>\n          <div class=\"testimonial-meta pt-half\">\n             <strong class=\"testimonial-name test_name\">Sidea<\/strong>\n                          <span class=\"testimonial-company test_company\"><\/span>\n          <\/div>\n        <\/div>\n  <\/div>\n\n  \n\t\t<\/div>\n\t\t\t\t\t<\/div>\n\n\t\n\n\t<div id=\"col-2089713005\" class=\"col medium-12 small-12 large-4\"  >\n\t\t\t\t<div class=\"col-inner box-shadow-2 box-shadow-3-hover\"  >\n\t\t\t\n\t\t\t\n  <div class=\"icon-box testimonial-box icon-box-center text-center\">\n                <div class=\"icon-box-text p-last-0\">\n          <div class=\"star-rating\" role=\"img\" aria-label=\"Bewertet mit 5 von 5 Punkten\"><span style=\"width:100%\"><strong class=\"rating\"><\/strong><\/span><\/div>  \t\t\t\t<div class=\"testimonial-text line-height-small italic test_text first-reset last-reset is-italic\">\n            \n<h3>Strategien f\u00fcr Nachhaltigkeit<\/h3>\n<p>Um nachhaltig zu sein, m\u00fcssen Unternehmen wirtschaftliche, \u00f6kologische und soziale Aspekte in ihre Gesch\u00e4ftsstrategien integrieren.<\/p>\n<p>Dazu geh\u00f6ren Ma\u00dfnahmen zur sozialen Verantwortung der Unternehmen (CSR), Produkt- und Verfahrensinnovationen zur Verringerung der Umweltauswirkungen sowie transparente und integrative Unternehmensf\u00fchrungspraktiken. Dar\u00fcber hinaus kann die Zusammenarbeit mit Interessengruppen, Regierungen, Nichtregierungsorganisationen und anderen Unternehmen die positiven Auswirkungen von Nachhaltigkeitsinitiativen verst\u00e4rken.<\/p>\n          <\/div>\n          <div class=\"testimonial-meta pt-half\">\n             <strong class=\"testimonial-name test_name\">Sidea<\/strong>\n                          <span class=\"testimonial-company test_company\"><\/span>\n          <\/div>\n        <\/div>\n  <\/div>\n\n  \n\t\t<\/div>\n\t\t\t\t\t<\/div>\n\n\t\n\n<style>\n#row-2012578186 > .col > .col-inner {\n  padding: 40px 25px 40px 25px;\n  background-color: rgba(255, 255, 255, 0.95);\n}\n@media (min-width:550px) {\n  #row-2012578186 > .col > .col-inner {\n    padding: 80px 25px 80px 25px;\n  }\n}\n<\/style>\n<\/div>\n\t\t<\/div>\n\n\t\t\n<style>\n#section_336833821 {\n  padding-top: 100px;\n  padding-bottom: 100px;\n  background-color: rgb(246, 246, 246);\n}\n#section_336833821 .section-bg img {\n  object-position: 49% 18%;\n}\n<\/style>\n\t<\/section>\n\t\n\n\t<section class=\"section has-mask mask-arrow\" id=\"section_83097707\">\n\t\t<div class=\"section-bg fill\" >\n\t\t\t<img loading=\"lazy\" decoding=\"async\" width=\"1000\" height=\"1000\" src=\"https:\/\/www.sideaita.it\/wp-content\/uploads\/2023\/07\/2092K-kit-outdoor-1-12-.jpg\" class=\"bg attachment-original size-original\" alt=\"2092K1 Bausatz f\u00fcr den Au\u00dfenbereich\" title=\"2092K1 Bausatz f\u00fcr den Au\u00dfenbereich\" \/>\t\t\t\t\t\t<div class=\"section-bg-overlay absolute fill\"><\/div>\n\t\t\t\n\n\t\t<\/div>\n\n\t\t\n\n\t\t<div class=\"section-content relative\">\n\t\t\t\n<div class=\"row row-small row-full-width align-center row-box-shadow-2 row-box-shadow-3-hover\"  id=\"row-1069513114\">\n\n\t<div id=\"col-1616365973\" class=\"col small-12 large-12\"  >\n\t\t\t\t<div class=\"col-inner\"  >\n\t\t\t\n\t\t\t\n\t<div id=\"text-4292388434\" class=\"text\">\n\t\t\n<h3>\u00a0<\/h3>\n<h3>Ein greifbares Beispiel: die Wiederverwendung von Verpackungen<\/h3>\n<p>Wir erhalten oft Kommentare von Kunden \u00fcber den \u00fcberm\u00e4\u00dfigen und angeblichen Abfall von Verpackungen.<\/p>\n<p>Im Gegenteil: Sparen ist f\u00fcr uns eine gro\u00dfe Herausforderung.<\/p>\n<p>Da wir jedoch aufgrund von Spediteuren, die nicht auf die Ware achten, nicht durch Materialreduzierung arbeiten k\u00f6nnen, ist es uns nur m\u00f6glich, unseren \u00f6kologischen Fu\u00dfabdruck durch die Wiederverwendung und Optimierung von Holz-, Kunststoff- und Kartonverpackungen zu verringern.<\/p>\n<p>Aus diesem Grund wandeln wir innerhalb unserer Logistik Verpackungen je nach Bedarf von Terti\u00e4r- in Sekund\u00e4r- und Prim\u00e4rverpackungen um. In der Praxis f\u00fchren wir weniger als 10% der von den Lieferanten gelieferten Verpackungsmaterialien einer getrennten Sammlung und anschlie\u00dfendem Recycling zu, denn 90% werden wiederverwendet, entweder als Beh\u00e4lter oder als Schutz- und F\u00fcllmaterial.<\/p>\n<p>Durch Platzoptimierung, oft kann ein Paket zus\u00e4tzliche Produkte enthalten, erreichen wir dann weitere Einsparungen.<\/p>\n<p>\u00a0<\/p>\n\t\t\n<style>\n#text-4292388434 {\n  text-align: center;\n}\n<\/style>\n\t<\/div>\n\t\n\t\t<\/div>\n\t\t\t\t\t<\/div>\n\n\t\n\n<style>\n#row-1069513114 > .col > .col-inner {\n  padding: 0px 20px 0px 20px;\n  background-color: rgba(255, 255, 255, 0.826);\n  border-radius: 25px;\n}\n<\/style>\n<\/div>\n\t\t<\/div>\n\n\t\t\n<style>\n#section_83097707 {\n  padding-top: 30px;\n  padding-bottom: 30px;\n}\n#section_83097707 .section-bg-overlay {\n  background-color: rgba(255, 255, 255, 0.378);\n}\n#section_83097707 .section-bg img {\n  object-position: 48% 92%;\n}\n@media (min-width:550px) {\n  #section_83097707 {\n    padding-top: 100px;\n    padding-bottom: 100px;\n  }\n}\n<\/style>\n\t<\/section>","protected":false},"excerpt":{"rendered":"","protected":false},"author":1,"featured_media":280759,"parent":0,"menu_order":0,"comment_status":"closed","ping_status":"closed","template":"","meta":{"footnotes":""},"class_list":["post-304330","page","type-page","status-publish","has-post-thumbnail","hentry"],"yoast_head":"<!-- This site is optimized with the Yoast SEO Premium plugin v28.1 (Yoast SEO v28.1) - https:\/\/yoast.com\/product\/yoast-seo-premium-wordpress\/ -->\n<title>Sostenibilit\u00e0 - Sidea | Attrezzatura Fitness Professionale<\/title>\n<meta name=\"robots\" content=\"index, follow, max-snippet:-1, max-image-preview:large, max-video-preview:-1\" \/>\n<link rel=\"canonical\" href=\"https:\/\/www.sideaita.it\/de\/nachhaltigkeit\/\" \/>\n<meta property=\"og:locale\" content=\"de_DE\" \/>\n<meta property=\"og:type\" content=\"article\" \/>\n<meta property=\"og:title\" content=\"Sostenibilit\u00e0\" \/>\n<meta property=\"og:url\" content=\"https:\/\/www.sideaita.it\/de\/nachhaltigkeit\/\" \/>\n<meta property=\"og:site_name\" content=\"Sidea | Attrezzatura Fitness Professionale\" \/>\n<meta property=\"article:publisher\" content=\"https:\/\/www.facebook.com\/sideaita\/\" \/>\n<meta property=\"article:modified_time\" content=\"2025-06-14T08:28:04+00:00\" \/>\n<meta property=\"og:image\" content=\"https:\/\/www.sideaita.it\/wp-content\/uploads\/2023\/11\/25\u00b0new-logo-black-Sidea.png\" \/>\n\t<meta property=\"og:image:width\" content=\"1400\" \/>\n\t<meta property=\"og:image:height\" content=\"322\" \/>\n\t<meta property=\"og:image:type\" content=\"image\/png\" \/>\n<meta name=\"twitter:card\" content=\"summary_large_image\" \/>\n<script type=\"application\/ld+json\" class=\"yoast-schema-graph\">{\"@context\":\"https:\\\/\\\/schema.org\",\"@graph\":[{\"@type\":\"WebPage\",\"@id\":\"https:\\\/\\\/www.sideaita.it\\\/sostenibilita\\\/\",\"url\":\"https:\\\/\\\/www.sideaita.it\\\/sostenibilita\\\/\",\"name\":\"Sostenibilit\u00e0 - Sidea | Attrezzatura Fitness Professionale\",\"isPartOf\":{\"@id\":\"https:\\\/\\\/www.sideaita.it\\\/#website\"},\"primaryImageOfPage\":{\"@id\":\"https:\\\/\\\/www.sideaita.it\\\/sostenibilita\\\/#primaryimage\"},\"image\":{\"@id\":\"https:\\\/\\\/www.sideaita.it\\\/sostenibilita\\\/#primaryimage\"},\"thumbnailUrl\":\"https:\\\/\\\/www.sideaita.it\\\/wp-content\\\/uploads\\\/2023\\\/11\\\/25\u00b0new-logo-black-Sidea.png\",\"datePublished\":\"2024-03-03T10:20:19+00:00\",\"dateModified\":\"2025-06-14T08:28:04+00:00\",\"breadcrumb\":{\"@id\":\"https:\\\/\\\/www.sideaita.it\\\/sostenibilita\\\/#breadcrumb\"},\"inLanguage\":\"de\",\"potentialAction\":[{\"@type\":\"ReadAction\",\"target\":[\"https:\\\/\\\/www.sideaita.it\\\/sostenibilita\\\/\"]}]},{\"@type\":\"ImageObject\",\"inLanguage\":\"de\",\"@id\":\"https:\\\/\\\/www.sideaita.it\\\/sostenibilita\\\/#primaryimage\",\"url\":\"https:\\\/\\\/www.sideaita.it\\\/wp-content\\\/uploads\\\/2023\\\/11\\\/25\u00b0new-logo-black-Sidea.png\",\"contentUrl\":\"https:\\\/\\\/www.sideaita.it\\\/wp-content\\\/uploads\\\/2023\\\/11\\\/25\u00b0new-logo-black-Sidea.png\",\"width\":1400,\"height\":322,\"caption\":\"\u00b0new black Sidea\"},{\"@type\":\"BreadcrumbList\",\"@id\":\"https:\\\/\\\/www.sideaita.it\\\/sostenibilita\\\/#breadcrumb\",\"itemListElement\":[{\"@type\":\"ListItem\",\"position\":1,\"name\":\"Home\",\"item\":\"https:\\\/\\\/www.sideaita.it\\\/\"},{\"@type\":\"ListItem\",\"position\":2,\"name\":\"Sostenibilit\u00e0\"}]},{\"@type\":\"WebSite\",\"@id\":\"https:\\\/\\\/www.sideaita.it\\\/#website\",\"url\":\"https:\\\/\\\/www.sideaita.it\\\/\",\"name\":\"Sidea | Attrezzatura Fitness Professionale\",\"description\":\"SIDEA \u2013 Allenati, diventa pi\u00f9 forte, vivi meglio | Attrezzatura professionale per la preparazione fisica ed il functional training. Nata dalla passione per lo sport, sviluppata per le palestre.\",\"publisher\":{\"@id\":\"https:\\\/\\\/www.sideaita.it\\\/#organization\"},\"potentialAction\":[{\"@type\":\"SearchAction\",\"target\":{\"@type\":\"EntryPoint\",\"urlTemplate\":\"https:\\\/\\\/www.sideaita.it\\\/?s={search_term_string}\"},\"query-input\":{\"@type\":\"PropertyValueSpecification\",\"valueRequired\":true,\"valueName\":\"search_term_string\"}}],\"inLanguage\":\"de\"},{\"@type\":\"Organization\",\"@id\":\"https:\\\/\\\/www.sideaita.it\\\/#organization\",\"name\":\"Sidea Srl\",\"alternateName\":\"Sidea\",\"url\":\"https:\\\/\\\/www.sideaita.it\\\/\",\"logo\":{\"@type\":\"ImageObject\",\"inLanguage\":\"de\",\"@id\":\"https:\\\/\\\/www.sideaita.it\\\/#\\\/schema\\\/logo\\\/image\\\/\",\"url\":\"https:\\\/\\\/www.sideaita.it\\\/wp-content\\\/uploads\\\/2023\\\/06\\\/cropped-logo-solo-s-1440x1440-1.jpg\",\"contentUrl\":\"https:\\\/\\\/www.sideaita.it\\\/wp-content\\\/uploads\\\/2023\\\/06\\\/cropped-logo-solo-s-1440x1440-1.jpg\",\"width\":512,\"height\":512,\"caption\":\"Sidea Srl\"},\"image\":{\"@id\":\"https:\\\/\\\/www.sideaita.it\\\/#\\\/schema\\\/logo\\\/image\\\/\"},\"sameAs\":[\"https:\\\/\\\/www.facebook.com\\\/sideaita\\\/\",\"https:\\\/\\\/www.instagram.com\\\/sidea_fitness\\\/\",\"https:\\\/\\\/www.linkedin.com\\\/company\\\/sideafitness\\\/\",\"https:\\\/\\\/www.pinterest.it\\\/sideafitness\\\/\",\"https:\\\/\\\/www.youtube.com\\\/user\\\/FitnessIT\\\/\",\"https:\\\/\\\/www.tiktok.com\\\/@sidea_fitness\"],\"description\":\"SIDEA \u2013 Allenati, diventa pi\u00f9 forte, vivi meglio | Attrezzatura professionale per la preparazione fisica ed il functional training. Nata dalla passione per lo sport, sviluppata per le palestre.\",\"email\":\"sidea@sideaita.it\",\"legalName\":\"Sidea Srl\",\"vatID\":\"IT02693190403\",\"taxID\":\"IT02693190403\",\"hasMerchantReturnPolicy\":{\"@type\":\"MerchantReturnPolicy\",\"merchantReturnLink\":\"https:\\\/\\\/www.sideaita.it\\\/de\\\/termini-condizioni-di-vendita\\\/\"}}]}<\/script>\n<!-- \/ Yoast SEO Premium plugin. -->","yoast_head_json":{"title":"Nachhaltigkeit - Sidea | Professionelle Fitnessger\u00e4te","robots":{"index":"index","follow":"follow","max-snippet":"max-snippet:-1","max-image-preview":"max-image-preview:large","max-video-preview":"max-video-preview:-1"},"canonical":"https:\/\/www.sideaita.it\/de\/nachhaltigkeit\/","og_locale":"de_DE","og_type":"article","og_title":"Sostenibilit\u00e0","og_url":"https:\/\/www.sideaita.it\/de\/nachhaltigkeit\/","og_site_name":"Sidea | Attrezzatura Fitness Professionale","article_publisher":"https:\/\/www.facebook.com\/sideaita\/","article_modified_time":"2025-06-14T08:28:04+00:00","og_image":[{"width":1400,"height":322,"url":"https:\/\/www.sideaita.it\/wp-content\/uploads\/2023\/11\/25\u00b0new-logo-black-Sidea.png","type":"image\/png"}],"twitter_card":"summary_large_image","schema":{"@context":"https:\/\/schema.org","@graph":[{"@type":"WebPage","@id":"https:\/\/www.sideaita.it\/sostenibilita\/","url":"https:\/\/www.sideaita.it\/sostenibilita\/","name":"Nachhaltigkeit - Sidea | Professionelle Fitnessger\u00e4te","isPartOf":{"@id":"https:\/\/www.sideaita.it\/#website"},"primaryImageOfPage":{"@id":"https:\/\/www.sideaita.it\/sostenibilita\/#primaryimage"},"image":{"@id":"https:\/\/www.sideaita.it\/sostenibilita\/#primaryimage"},"thumbnailUrl":"https:\/\/www.sideaita.it\/wp-content\/uploads\/2023\/11\/25\u00b0new-logo-black-Sidea.png","datePublished":"2024-03-03T10:20:19+00:00","dateModified":"2025-06-14T08:28:04+00:00","breadcrumb":{"@id":"https:\/\/www.sideaita.it\/sostenibilita\/#breadcrumb"},"inLanguage":"de","potentialAction":[{"@type":"ReadAction","target":["https:\/\/www.sideaita.it\/sostenibilita\/"]}]},{"@type":"ImageObject","inLanguage":"de","@id":"https:\/\/www.sideaita.it\/sostenibilita\/#primaryimage","url":"https:\/\/www.sideaita.it\/wp-content\/uploads\/2023\/11\/25\u00b0new-logo-black-Sidea.png","contentUrl":"https:\/\/www.sideaita.it\/wp-content\/uploads\/2023\/11\/25\u00b0new-logo-black-Sidea.png","width":1400,"height":322,"caption":"\u00b0new black Sidea"},{"@type":"BreadcrumbList","@id":"https:\/\/www.sideaita.it\/sostenibilita\/#breadcrumb","itemListElement":[{"@type":"ListItem","position":1,"name":"Home","item":"https:\/\/www.sideaita.it\/"},{"@type":"ListItem","position":2,"name":"Sostenibilit\u00e0"}]},{"@type":"WebSite","@id":"https:\/\/www.sideaita.it\/#website","url":"https:\/\/www.sideaita.it\/","name":"Sidea | Professionelle Fitnessger\u00e4te","description":"SIDEA - Trainieren, st\u00e4rker werden, besser leben | Professionelle Ausr\u00fcstung f\u00fcr k\u00f6rperliche Vorbereitung und funktionelles Training. Geboren aus einer Leidenschaft f\u00fcr den Sport, entwickelt f\u00fcr Fitnessstudios.","publisher":{"@id":"https:\/\/www.sideaita.it\/#organization"},"potentialAction":[{"@type":"SearchAction","target":{"@type":"EntryPoint","urlTemplate":"https:\/\/www.sideaita.it\/?s={search_term_string}"},"query-input":{"@type":"PropertyValueSpecification","valueRequired":true,"valueName":"search_term_string"}}],"inLanguage":"de"},{"@type":"Organization","@id":"https:\/\/www.sideaita.it\/#organization","name":"Sidea Srl","alternateName":"Sidea","url":"https:\/\/www.sideaita.it\/","logo":{"@type":"ImageObject","inLanguage":"de","@id":"https:\/\/www.sideaita.it\/#\/schema\/logo\/image\/","url":"https:\/\/www.sideaita.it\/wp-content\/uploads\/2023\/06\/cropped-logo-solo-s-1440x1440-1.jpg","contentUrl":"https:\/\/www.sideaita.it\/wp-content\/uploads\/2023\/06\/cropped-logo-solo-s-1440x1440-1.jpg","width":512,"height":512,"caption":"Sidea Srl"},"image":{"@id":"https:\/\/www.sideaita.it\/#\/schema\/logo\/image\/"},"sameAs":["https:\/\/www.facebook.com\/sideaita\/","https:\/\/www.instagram.com\/sidea_fitness\/","https:\/\/www.linkedin.com\/company\/sideafitness\/","https:\/\/www.pinterest.it\/sideafitness\/","https:\/\/www.youtube.com\/user\/FitnessIT\/","https:\/\/www.tiktok.com\/@sidea_fitness"],"description":"SIDEA - Trainieren, st\u00e4rker werden, besser leben | Professionelle Ausr\u00fcstung f\u00fcr k\u00f6rperliche Vorbereitung und funktionelles Training. Geboren aus einer Leidenschaft f\u00fcr den Sport, entwickelt f\u00fcr Fitnessstudios.","email":"sidea@sideaita.it","legalName":"Sidea Srl","vatID":"IT02693190403","taxID":"IT02693190403","hasMerchantReturnPolicy":{"@type":"MerchantReturnPolicy","merchantReturnLink":"https:\/\/www.sideaita.it\/de\/termini-condizioni-di-vendita\/"}}]}},"_links":{"self":[{"href":"https:\/\/www.sideaita.it\/de\/wp-json\/wp\/v2\/pages\/304330","targetHints":{"allow":["GET"]}}],"collection":[{"href":"https:\/\/www.sideaita.it\/de\/wp-json\/wp\/v2\/pages"}],"about":[{"href":"https:\/\/www.sideaita.it\/de\/wp-json\/wp\/v2\/types\/page"}],"author":[{"embeddable":true,"href":"https:\/\/www.sideaita.it\/de\/wp-json\/wp\/v2\/users\/1"}],"replies":[{"embeddable":true,"href":"https:\/\/www.sideaita.it\/de\/wp-json\/wp\/v2\/comments?post=304330"}],"version-history":[{"count":9,"href":"https:\/\/www.sideaita.it\/de\/wp-json\/wp\/v2\/pages\/304330\/revisions"}],"predecessor-version":[{"id":422639,"href":"https:\/\/www.sideaita.it\/de\/wp-json\/wp\/v2\/pages\/304330\/revisions\/422639"}],"wp:featuredmedia":[{"embeddable":true,"href":"https:\/\/www.sideaita.it\/de\/wp-json\/wp\/v2\/media\/280759"}],"wp:attachment":[{"href":"https:\/\/www.sideaita.it\/de\/wp-json\/wp\/v2\/media?parent=304330"}],"curies":[{"name":"wp","href":"https:\/\/api.w.org\/{rel}","templated":true}]}}