{"id":410162,"date":"2025-04-27T19:31:08","date_gmt":"2025-04-27T17:31:08","guid":{"rendered":"https:\/\/www.sideaita.it\/?page_id=410162"},"modified":"2025-04-27T19:37:17","modified_gmt":"2025-04-27T17:37:17","slug":"zuganglichkeit","status":"publish","type":"page","link":"https:\/\/www.sideaita.it\/de\/accessibilita\/","title":{"rendered":"Erreichbarkeit"},"content":{"rendered":"<div class=\"row\"  id=\"row-1525958782\">\n\n\t<div id=\"col-1247762595\" class=\"col small-12 large-12\"  >\n\t\t\t\t<div class=\"col-inner\"  >\n\t\t\t\n\t\t\t\n<div class=\"container section-title-container\" ><h3 class=\"section-title section-title-normal\"><b aria-hidden=\"true\"><\/b><span class=\"section-title-main\" >Erkl\u00e4rung zur Zug\u00e4nglichkeit<\/span><b aria-hidden=\"true\"><\/b><\/h3><\/div>\n<h2 class=\"\" data-start=\"336\" data-end=\"351\">Einf\u00fchrung<\/h2>\n<p class=\"\" data-start=\"353\" data-end=\"524\">Sidea S.r.l. verpflichtet sich, seine Website gem\u00e4\u00df der Richtlinie (EU) 2019\/882 (Europ\u00e4isches Gesetz zur Barrierefreiheit) und der Gesetzesverordnung 82\/2022 zug\u00e4nglich zu machen.<\/p>\n<p class=\"\" data-start=\"526\" data-end=\"631\">Diese Erkl\u00e4rung zur Zug\u00e4nglichkeit gilt f\u00fcr die Website: <a class=\"\" href=\"https:\/\/www.sideaita.it\/de\/\" target=\"_new\" rel=\"noopener\" data-start=\"589\" data-end=\"631\">www.sideaita.it<\/a><\/p>\n<hr class=\"\" data-start=\"633\" data-end=\"636\" \/>\n<h2 class=\"\" data-start=\"638\" data-end=\"660\">Status der Einhaltung<\/h2>\n<p class=\"\" data-start=\"662\" data-end=\"862\">Diese Seite ist <strong data-start=\"676\" data-end=\"701\">teilweise konform<\/strong> den Anforderungen der <strong data-start=\"730\" data-end=\"781\">Richtlinien f\u00fcr die Zug\u00e4nglichkeit von Webinhalten (WCAG) 2.1<\/strong>AA-Niveau, aufgrund der unten aufgef\u00fchrten Nichtkonformit\u00e4ten und\/oder Ausnahmen.<\/p>\n<hr class=\"\" data-start=\"864\" data-end=\"867\" \/>\n<h2 class=\"\" data-start=\"869\" data-end=\"897\">Nicht zug\u00e4ngliche Inhalte<\/h2>\n<p class=\"\" data-start=\"899\" data-end=\"1004\">Trotz st\u00e4ndiger Bem\u00fchungen, die volle Zug\u00e4nglichkeit der Website zu gew\u00e4hrleisten, k\u00f6nnen sie vorhanden sein:<\/p>\n<ul data-start=\"1006\" data-end=\"1311\">\n<li class=\"\" data-start=\"1006\" data-end=\"1071\">Einige sehr alte Bilder haben m\u00f6glicherweise keinen perfekt beschreibenden Alternativtext (bei Bildern, die in den Hauptpfaden nicht mehr aktiv sind).<\/li>\n<li class=\"\" data-start=\"1225\" data-end=\"1311\">\n<p class=\"\" data-start=\"1227\" data-end=\"1311\">Geringf\u00fcgige Abweichungen im Farbkontrast bei dekorativen oder sekund\u00e4ren Komponenten.<\/p>\n<\/li>\n<\/ul>\n<p class=\"\" data-start=\"1313\" data-end=\"1384\">Wir arbeiten st\u00e4ndig an der Aktualisierung und Verbesserung dieser Bereiche.<\/p>\n<hr class=\"\" data-start=\"1386\" data-end=\"1389\" \/>\n<h2 class=\"\" data-start=\"1391\" data-end=\"1409\">Getroffene Ma\u00dfnahmen<\/h2>\n<ul data-start=\"1411\" data-end=\"1878\">\n<li class=\"\" data-start=\"1411\" data-end=\"1475\">\n<p class=\"\" data-start=\"1413\" data-end=\"1475\">Alle Hauptbilder haben korrekte Alternativtexte.<\/p>\n<\/li>\n<li class=\"\" data-start=\"1476\" data-end=\"1555\">\n<p class=\"\" data-start=\"1478\" data-end=\"1555\">Die Kopfstruktur (<code data-start=\"1511\" data-end=\"1517\">&lt;h1&gt;<\/code>, <code data-start=\"1519\" data-end=\"1525\">&lt;h2&gt;<\/code>, <code data-start=\"1527\" data-end=\"1533\">&lt;h3&gt;<\/code>) ist logisch und konsequent.<\/p>\n<\/li>\n<li class=\"\" data-start=\"1556\" data-end=\"1644\">\n<p class=\"\" data-start=\"1558\" data-end=\"1644\">Die vollst\u00e4ndige Navigation auf der Website \u00fcber die Tastatur (Tab, Shift+Tab, Enter) ist gew\u00e4hrleistet.<\/p>\n<\/li>\n<li class=\"\" data-start=\"1645\" data-end=\"1730\">\n<p class=\"\" data-start=\"1647\" data-end=\"1730\">Alle Links ohne sichtbaren Text haben ein<strong data-start=\"1693\" data-end=\"1717\">aria-Label<\/strong> angemessen.<\/p>\n<\/li>\n<li class=\"\" data-start=\"1731\" data-end=\"1799\">\n<p class=\"\" data-start=\"1733\" data-end=\"1799\">Das von den WCAG geforderte Mindestkontrastverh\u00e4ltnis wird eingehalten.<\/p>\n<\/li>\n<li class=\"\" data-start=\"1800\" data-end=\"1878\">\n<p class=\"\" data-start=\"1802\" data-end=\"1878\">Es gibt keine leeren Links, Auszeichnungsfehler oder Barrieren f\u00fcr Bildschirmleser.<\/p>\n<\/li>\n<\/ul>\n<hr class=\"\" data-start=\"1880\" data-end=\"1883\" \/>\n<h2 class=\"\" data-start=\"1885\" data-end=\"1917\">Abfassung der Erkl\u00e4rung<\/h2>\n<p class=\"\" data-start=\"1919\" data-end=\"2035\">Diese Erkl\u00e4rung wurde abgegeben am <strong data-start=\"1964\" data-end=\"1982\">26. April 2025<\/strong> durch eine<strong data-start=\"1997\" data-end=\"2024\">interne Selbsteinsch\u00e4tzung<\/strong> basierend auf:<\/p>\n<ul data-start=\"2037\" data-end=\"2158\">\n<li class=\"\" data-start=\"2037\" data-end=\"2092\">\n<p class=\"\" data-start=\"2039\" data-end=\"2092\">Automatische Werkzeuge (WAVE, AXE DevTools, Lighthouse)<\/p>\n<\/li>\n<li class=\"\" data-start=\"2093\" data-end=\"2158\">\n<p class=\"\" data-start=\"2095\" data-end=\"2158\">Manuelle \u00dcberpr\u00fcfung der Hauptpfade und der Seitenvorlagen.<\/p>\n<\/li>\n<\/ul>\n<p class=\"\" data-start=\"2160\" data-end=\"2200\">Zuletzt aktualisiert: <strong data-start=\"2182\" data-end=\"2200\">26. April 2025<\/strong><\/p>\n<hr class=\"\" data-start=\"2202\" data-end=\"2205\" \/>\n<h2 class=\"\" data-start=\"2207\" data-end=\"2229\">Feedback und Kontakt<\/h2>\n<p class=\"\" data-start=\"2231\" data-end=\"2335\">Wenn Sie Probleme mit der Zug\u00e4nglichkeit haben oder Berichte und Vorschl\u00e4ge einreichen m\u00f6chten, wenden Sie sich bitte an uns:<\/p>\n<ul data-start=\"2337\" data-end=\"2469\">\n<li class=\"\" data-start=\"2337\" data-end=\"2366\">\n<p class=\"\" data-start=\"2339\" data-end=\"2366\"><strong data-start=\"2339\" data-end=\"2349\">E-Mail:<\/strong> <a href=\"mailto:sidea@sideaita.it\">sidea@sideaita.it<\/a><\/p>\n<\/li>\n<li class=\"\" data-start=\"2367\" data-end=\"2399\"><strong data-start=\"2402\" data-end=\"2422\">Kontakt-Formular:<\/strong> <a class=\"cursor-pointer\" href=\"https:\/\/www.sideaita.it\/de\/kontakt\/\" target=\"_new\" rel=\"noopener\" data-start=\"2423\" data-end=\"2469\">Kontakt<\/a><\/li>\n<\/ul>\n<p class=\"\" data-start=\"2471\" data-end=\"2533\">Wir verpflichten uns, innerhalb von 30 Tagen nach der Meldung zu antworten.<\/p>\n<hr class=\"\" data-start=\"2535\" data-end=\"2538\" \/>\n<h2 class=\"\" data-start=\"2540\" data-end=\"2568\">Bewerbungsverfahren<\/h2>\n<p class=\"\" data-start=\"2570\" data-end=\"2740\">Wenn die Antwort nicht zufriedenstellend ist oder nicht innerhalb von 30 Tagen erfolgt, kann man sich \u00fcber die offizielle AgID-Website an den digitalen Ombudsmann wenden.<\/p>\n\t\t<\/div>\n\t\t\t\t\n<style>\n#col-1247762595 > .col-inner {\n  padding: 20px 50px 0px 50px;\n}\n<\/style>\n\t<\/div>\n\n\t\n<\/div>","protected":false},"excerpt":{"rendered":"","protected":false},"author":1,"featured_media":410166,"parent":0,"menu_order":0,"comment_status":"closed","ping_status":"closed","template":"","meta":{"footnotes":""},"class_list":["post-410162","page","type-page","status-publish","has-post-thumbnail","hentry"],"yoast_head":"<!-- This site is optimized with the Yoast SEO Premium plugin v28.1 (Yoast SEO v28.1) - https:\/\/yoast.com\/product\/yoast-seo-premium-wordpress\/ -->\n<title>Accessibilita - Sidea | Attrezzatura Fitness Professionale<\/title>\n<meta name=\"description\" content=\"La Dichiarazione di Accessibilit\u00e0 di Sidea: il nostro impegno concreto per un web inclusivo, conforme agli standard WCAG 2.1 livello AA\" \/>\n<meta name=\"robots\" content=\"index, follow, max-snippet:-1, max-image-preview:large, max-video-preview:-1\" \/>\n<link rel=\"canonical\" href=\"https:\/\/www.sideaita.it\/de\/zuganglichkeit\/\" \/>\n<meta property=\"og:locale\" content=\"de_DE\" \/>\n<meta property=\"og:type\" content=\"article\" \/>\n<meta property=\"og:title\" content=\"Accessibilita\" \/>\n<meta property=\"og:description\" content=\"La Dichiarazione di Accessibilit\u00e0 di Sidea: il nostro impegno concreto per un web inclusivo, conforme agli standard WCAG 2.1 livello AA\" \/>\n<meta property=\"og:url\" content=\"https:\/\/www.sideaita.it\/de\/zuganglichkeit\/\" \/>\n<meta property=\"og:site_name\" content=\"Sidea | Attrezzatura Fitness Professionale\" \/>\n<meta property=\"article:publisher\" content=\"https:\/\/www.facebook.com\/sideaita\/\" \/>\n<meta property=\"article:modified_time\" content=\"2025-04-27T17:37:17+00:00\" \/>\n<meta property=\"og:image\" content=\"https:\/\/www.sideaita.it\/wp-content\/uploads\/2025\/04\/sidea-accesssibilita.png\" \/>\n\t<meta property=\"og:image:width\" content=\"1024\" \/>\n\t<meta property=\"og:image:height\" content=\"1024\" \/>\n\t<meta property=\"og:image:type\" content=\"image\/png\" \/>\n<meta name=\"twitter:card\" content=\"summary_large_image\" \/>\n<meta name=\"twitter:label1\" content=\"Gesch\u00e4tzte Lesezeit\" \/>\n\t<meta name=\"twitter:data1\" content=\"2\u00a0Minuten\" \/>\n<script type=\"application\/ld+json\" class=\"yoast-schema-graph\">{\"@context\":\"https:\\\/\\\/schema.org\",\"@graph\":[{\"@type\":\"WebPage\",\"@id\":\"https:\\\/\\\/www.sideaita.it\\\/accessibilita\\\/\",\"url\":\"https:\\\/\\\/www.sideaita.it\\\/accessibilita\\\/\",\"name\":\"Accessibilita - Sidea | Attrezzatura Fitness Professionale\",\"isPartOf\":{\"@id\":\"https:\\\/\\\/www.sideaita.it\\\/#website\"},\"primaryImageOfPage\":{\"@id\":\"https:\\\/\\\/www.sideaita.it\\\/accessibilita\\\/#primaryimage\"},\"image\":{\"@id\":\"https:\\\/\\\/www.sideaita.it\\\/accessibilita\\\/#primaryimage\"},\"thumbnailUrl\":\"https:\\\/\\\/www.sideaita.it\\\/wp-content\\\/uploads\\\/2025\\\/04\\\/sidea-accesssibilita.png\",\"datePublished\":\"2025-04-27T17:31:08+00:00\",\"dateModified\":\"2025-04-27T17:37:17+00:00\",\"description\":\"La Dichiarazione di Accessibilit\u00e0 di Sidea: il nostro impegno concreto per un web inclusivo, conforme agli standard WCAG 2.1 livello AA\",\"breadcrumb\":{\"@id\":\"https:\\\/\\\/www.sideaita.it\\\/accessibilita\\\/#breadcrumb\"},\"inLanguage\":\"de\",\"potentialAction\":[{\"@type\":\"ReadAction\",\"target\":[\"https:\\\/\\\/www.sideaita.it\\\/accessibilita\\\/\"]}]},{\"@type\":\"ImageObject\",\"inLanguage\":\"de\",\"@id\":\"https:\\\/\\\/www.sideaita.it\\\/accessibilita\\\/#primaryimage\",\"url\":\"https:\\\/\\\/www.sideaita.it\\\/wp-content\\\/uploads\\\/2025\\\/04\\\/sidea-accesssibilita.png\",\"contentUrl\":\"https:\\\/\\\/www.sideaita.it\\\/wp-content\\\/uploads\\\/2025\\\/04\\\/sidea-accesssibilita.png\",\"width\":1024,\"height\":1024,\"caption\":\"Sidea accesssibilita\"},{\"@type\":\"BreadcrumbList\",\"@id\":\"https:\\\/\\\/www.sideaita.it\\\/accessibilita\\\/#breadcrumb\",\"itemListElement\":[{\"@type\":\"ListItem\",\"position\":1,\"name\":\"Home\",\"item\":\"https:\\\/\\\/www.sideaita.it\\\/\"},{\"@type\":\"ListItem\",\"position\":2,\"name\":\"Accessibilita\"}]},{\"@type\":\"WebSite\",\"@id\":\"https:\\\/\\\/www.sideaita.it\\\/#website\",\"url\":\"https:\\\/\\\/www.sideaita.it\\\/\",\"name\":\"Sidea | Attrezzatura Fitness Professionale\",\"description\":\"SIDEA \u2013 Allenati, diventa pi\u00f9 forte, vivi meglio | Attrezzatura professionale per la preparazione fisica ed il functional training. Nata dalla passione per lo sport, sviluppata per le palestre.\",\"publisher\":{\"@id\":\"https:\\\/\\\/www.sideaita.it\\\/#organization\"},\"potentialAction\":[{\"@type\":\"SearchAction\",\"target\":{\"@type\":\"EntryPoint\",\"urlTemplate\":\"https:\\\/\\\/www.sideaita.it\\\/?s={search_term_string}\"},\"query-input\":{\"@type\":\"PropertyValueSpecification\",\"valueRequired\":true,\"valueName\":\"search_term_string\"}}],\"inLanguage\":\"de\"},{\"@type\":\"Organization\",\"@id\":\"https:\\\/\\\/www.sideaita.it\\\/#organization\",\"name\":\"Sidea Srl\",\"alternateName\":\"Sidea\",\"url\":\"https:\\\/\\\/www.sideaita.it\\\/\",\"logo\":{\"@type\":\"ImageObject\",\"inLanguage\":\"de\",\"@id\":\"https:\\\/\\\/www.sideaita.it\\\/#\\\/schema\\\/logo\\\/image\\\/\",\"url\":\"https:\\\/\\\/www.sideaita.it\\\/wp-content\\\/uploads\\\/2023\\\/06\\\/cropped-logo-solo-s-1440x1440-1.jpg\",\"contentUrl\":\"https:\\\/\\\/www.sideaita.it\\\/wp-content\\\/uploads\\\/2023\\\/06\\\/cropped-logo-solo-s-1440x1440-1.jpg\",\"width\":512,\"height\":512,\"caption\":\"Sidea Srl\"},\"image\":{\"@id\":\"https:\\\/\\\/www.sideaita.it\\\/#\\\/schema\\\/logo\\\/image\\\/\"},\"sameAs\":[\"https:\\\/\\\/www.facebook.com\\\/sideaita\\\/\",\"https:\\\/\\\/www.instagram.com\\\/sidea_fitness\\\/\",\"https:\\\/\\\/www.linkedin.com\\\/company\\\/sideafitness\\\/\",\"https:\\\/\\\/www.pinterest.it\\\/sideafitness\\\/\",\"https:\\\/\\\/www.youtube.com\\\/user\\\/FitnessIT\\\/\",\"https:\\\/\\\/www.tiktok.com\\\/@sidea_fitness\"],\"description\":\"SIDEA \u2013 Allenati, diventa pi\u00f9 forte, vivi meglio | Attrezzatura professionale per la preparazione fisica ed il functional training. Nata dalla passione per lo sport, sviluppata per le palestre.\",\"email\":\"sidea@sideaita.it\",\"legalName\":\"Sidea Srl\",\"vatID\":\"IT02693190403\",\"taxID\":\"IT02693190403\",\"hasMerchantReturnPolicy\":{\"@type\":\"MerchantReturnPolicy\",\"merchantReturnLink\":\"https:\\\/\\\/www.sideaita.it\\\/de\\\/termini-condizioni-di-vendita\\\/\"}}]}<\/script>\n<!-- \/ Yoast SEO Premium plugin. -->","yoast_head_json":{"title":"Zug\u00e4nglichkeit - Sidea | Professionelle Fitnessger\u00e4te","description":"Sidea's Zug\u00e4nglichkeitserkl\u00e4rung: unser konkretes Engagement f\u00fcr ein integratives Web, das den WCAG 2.1 Level AA Standards entspricht","robots":{"index":"index","follow":"follow","max-snippet":"max-snippet:-1","max-image-preview":"max-image-preview:large","max-video-preview":"max-video-preview:-1"},"canonical":"https:\/\/www.sideaita.it\/de\/zuganglichkeit\/","og_locale":"de_DE","og_type":"article","og_title":"Accessibilita","og_description":"La Dichiarazione di Accessibilit\u00e0 di Sidea: il nostro impegno concreto per un web inclusivo, conforme agli standard WCAG 2.1 livello AA","og_url":"https:\/\/www.sideaita.it\/de\/zuganglichkeit\/","og_site_name":"Sidea | Attrezzatura Fitness Professionale","article_publisher":"https:\/\/www.facebook.com\/sideaita\/","article_modified_time":"2025-04-27T17:37:17+00:00","og_image":[{"width":1024,"height":1024,"url":"https:\/\/www.sideaita.it\/wp-content\/uploads\/2025\/04\/sidea-accesssibilita.png","type":"image\/png"}],"twitter_card":"summary_large_image","twitter_misc":{"Gesch\u00e4tzte Lesezeit":"2\u00a0Minuten"},"schema":{"@context":"https:\/\/schema.org","@graph":[{"@type":"WebPage","@id":"https:\/\/www.sideaita.it\/accessibilita\/","url":"https:\/\/www.sideaita.it\/accessibilita\/","name":"Zug\u00e4nglichkeit - Sidea | Professionelle Fitnessger\u00e4te","isPartOf":{"@id":"https:\/\/www.sideaita.it\/#website"},"primaryImageOfPage":{"@id":"https:\/\/www.sideaita.it\/accessibilita\/#primaryimage"},"image":{"@id":"https:\/\/www.sideaita.it\/accessibilita\/#primaryimage"},"thumbnailUrl":"https:\/\/www.sideaita.it\/wp-content\/uploads\/2025\/04\/sidea-accesssibilita.png","datePublished":"2025-04-27T17:31:08+00:00","dateModified":"2025-04-27T17:37:17+00:00","description":"Sidea's Zug\u00e4nglichkeitserkl\u00e4rung: unser konkretes Engagement f\u00fcr ein integratives Web, das den WCAG 2.1 Level AA Standards entspricht","breadcrumb":{"@id":"https:\/\/www.sideaita.it\/accessibilita\/#breadcrumb"},"inLanguage":"de","potentialAction":[{"@type":"ReadAction","target":["https:\/\/www.sideaita.it\/accessibilita\/"]}]},{"@type":"ImageObject","inLanguage":"de","@id":"https:\/\/www.sideaita.it\/accessibilita\/#primaryimage","url":"https:\/\/www.sideaita.it\/wp-content\/uploads\/2025\/04\/sidea-accesssibilita.png","contentUrl":"https:\/\/www.sideaita.it\/wp-content\/uploads\/2025\/04\/sidea-accesssibilita.png","width":1024,"height":1024,"caption":"Sidea accesssibilita"},{"@type":"BreadcrumbList","@id":"https:\/\/www.sideaita.it\/accessibilita\/#breadcrumb","itemListElement":[{"@type":"ListItem","position":1,"name":"Home","item":"https:\/\/www.sideaita.it\/"},{"@type":"ListItem","position":2,"name":"Accessibilita"}]},{"@type":"WebSite","@id":"https:\/\/www.sideaita.it\/#website","url":"https:\/\/www.sideaita.it\/","name":"Sidea | Professionelle Fitnessger\u00e4te","description":"SIDEA - Trainieren, st\u00e4rker werden, besser leben | Professionelle Ausr\u00fcstung f\u00fcr k\u00f6rperliche Vorbereitung und funktionelles Training. Geboren aus einer Leidenschaft f\u00fcr den Sport, entwickelt f\u00fcr Fitnessstudios.","publisher":{"@id":"https:\/\/www.sideaita.it\/#organization"},"potentialAction":[{"@type":"SearchAction","target":{"@type":"EntryPoint","urlTemplate":"https:\/\/www.sideaita.it\/?s={search_term_string}"},"query-input":{"@type":"PropertyValueSpecification","valueRequired":true,"valueName":"search_term_string"}}],"inLanguage":"de"},{"@type":"Organization","@id":"https:\/\/www.sideaita.it\/#organization","name":"Sidea Srl","alternateName":"Sidea","url":"https:\/\/www.sideaita.it\/","logo":{"@type":"ImageObject","inLanguage":"de","@id":"https:\/\/www.sideaita.it\/#\/schema\/logo\/image\/","url":"https:\/\/www.sideaita.it\/wp-content\/uploads\/2023\/06\/cropped-logo-solo-s-1440x1440-1.jpg","contentUrl":"https:\/\/www.sideaita.it\/wp-content\/uploads\/2023\/06\/cropped-logo-solo-s-1440x1440-1.jpg","width":512,"height":512,"caption":"Sidea Srl"},"image":{"@id":"https:\/\/www.sideaita.it\/#\/schema\/logo\/image\/"},"sameAs":["https:\/\/www.facebook.com\/sideaita\/","https:\/\/www.instagram.com\/sidea_fitness\/","https:\/\/www.linkedin.com\/company\/sideafitness\/","https:\/\/www.pinterest.it\/sideafitness\/","https:\/\/www.youtube.com\/user\/FitnessIT\/","https:\/\/www.tiktok.com\/@sidea_fitness"],"description":"SIDEA - Trainieren, st\u00e4rker werden, besser leben | Professionelle Ausr\u00fcstung f\u00fcr k\u00f6rperliche Vorbereitung und funktionelles Training. Geboren aus einer Leidenschaft f\u00fcr den Sport, entwickelt f\u00fcr Fitnessstudios.","email":"sidea@sideaita.it","legalName":"Sidea Srl","vatID":"IT02693190403","taxID":"IT02693190403","hasMerchantReturnPolicy":{"@type":"MerchantReturnPolicy","merchantReturnLink":"https:\/\/www.sideaita.it\/de\/termini-condizioni-di-vendita\/"}}]}},"_links":{"self":[{"href":"https:\/\/www.sideaita.it\/de\/wp-json\/wp\/v2\/pages\/410162","targetHints":{"allow":["GET"]}}],"collection":[{"href":"https:\/\/www.sideaita.it\/de\/wp-json\/wp\/v2\/pages"}],"about":[{"href":"https:\/\/www.sideaita.it\/de\/wp-json\/wp\/v2\/types\/page"}],"author":[{"embeddable":true,"href":"https:\/\/www.sideaita.it\/de\/wp-json\/wp\/v2\/users\/1"}],"replies":[{"embeddable":true,"href":"https:\/\/www.sideaita.it\/de\/wp-json\/wp\/v2\/comments?post=410162"}],"version-history":[{"count":3,"href":"https:\/\/www.sideaita.it\/de\/wp-json\/wp\/v2\/pages\/410162\/revisions"}],"predecessor-version":[{"id":410167,"href":"https:\/\/www.sideaita.it\/de\/wp-json\/wp\/v2\/pages\/410162\/revisions\/410167"}],"wp:featuredmedia":[{"embeddable":true,"href":"https:\/\/www.sideaita.it\/de\/wp-json\/wp\/v2\/media\/410166"}],"wp:attachment":[{"href":"https:\/\/www.sideaita.it\/de\/wp-json\/wp\/v2\/media?parent=410162"}],"curies":[{"name":"wp","href":"https:\/\/api.w.org\/{rel}","templated":true}]}}