{"id":304330,"date":"2024-03-03T11:20:19","date_gmt":"2024-03-03T10:20:19","guid":{"rendered":"https:\/\/www.sideaita.it\/?page_id=304330"},"modified":"2025-06-14T10:28:04","modified_gmt":"2025-06-14T08:28:04","slug":"la-durabilite","status":"publish","type":"page","link":"https:\/\/www.sideaita.it\/fr\/sostenibilita\/","title":{"rendered":"Durabilit\u00e9"},"content":{"rendered":"<section class=\"section dark\" id=\"section_1205210193\">\n\t\t<div class=\"section-bg fill\" >\n\t\t\t<img loading=\"lazy\" decoding=\"async\" width=\"846\" height=\"400\" src=\"https:\/\/www.sideaita.it\/wp-content\/uploads\/2018\/08\/rope-banner-color.jpg\" class=\"bg attachment- size-\" alt=\"entra\u00eenement fonctionnel \u00e0 la corde\" \/>\t\t\t\t\t\t\n\t\t\t\n\n\t\t<\/div>\n\n\t\t\n\n\t\t<div class=\"section-content relative\">\n\t\t\t\n<div class=\"row align-center row-box-shadow-2 row-box-shadow-3-hover\"  id=\"row-2088298925\">\n\n\t<div id=\"col-2011030995\" class=\"col small-12 large-12\"  >\n\t\t\t\t<div class=\"col-inner\" style=\"background-color:rgba(255, 255, 255, 0.802);\" >\n\t\t\t\n\t\t\t\n\t<div id=\"text-2228875209\" class=\"text\">\n\t\t\n<h1 style=\"text-align: center;\"><span style=\"font-size: 250%;\">Durabilit\u00e9<\/span><\/h1>\n<p>La durabilit\u00e9 des entreprises est devenue un imp\u00e9ratif. Elle refl\u00e8te la prise de conscience croissante des liens inextricables entre les pratiques \u00e9conomiques, l'impact sur l'environnement et le bien-\u00eatre social.<\/p>\n<p>Ce concept repose sur l'id\u00e9e que les entreprises doivent op\u00e9rer de mani\u00e8re \u00e0 garantir la prosp\u00e9rit\u00e9 \u00e9conomique \u00e0 long terme tout en minimisant les impacts n\u00e9gatifs sur les ressources naturelles et en apportant une contribution positive \u00e0 la soci\u00e9t\u00e9.<\/p>\n<h3>Les trois piliers du d\u00e9veloppement durable<\/h3>\n<p>La durabilit\u00e9 des entreprises repose sur trois piliers principaux : \u00e9conomique, environnemental et social, souvent r\u00e9sum\u00e9s par l'expression \"profit, plan\u00e8te et personnes\".<\/p>\n<p>Le pilier \u00e9conomique met l'accent sur la n\u00e9cessit\u00e9 d'adopter des pratiques commerciales qui garantissent la viabilit\u00e9 financi\u00e8re et la croissance \u00e0 long terme.<\/p>\n<p>Le pilier environnemental se concentre sur la r\u00e9duction de l'empreinte \u00e9cologique des entreprises gr\u00e2ce \u00e0 une gestion efficace des ressources, \u00e0 la minimisation des d\u00e9chets et \u00e0 l'adoption d'\u00e9nergies renouvelables. <\/p>\n<p>Le pilier social vise \u00e0 am\u00e9liorer l'impact de l'entreprise sur la communaut\u00e9 et les travailleurs en promouvant les pratiques \u00e9thiques, la diversit\u00e9, l'\u00e9quit\u00e9 et l'inclusion.<\/p>\n\t\t\n<style>\n#text-2228875209 {\n  color: rgb(25, 24, 24);\n}\n#text-2228875209 > * {\n  color: rgb(25, 24, 24);\n}\n<\/style>\n\t<\/div>\n\t\n\t\t<\/div>\n\t\t\t\t\n<style>\n#col-2011030995 > .col-inner {\n  padding: 10px 10px 10px 10px;\n  margin: 0px 0px 0px 0px;\n}\n<\/style>\n\t<\/div>\n\n\t\n\n<style>\n#row-2088298925 > .col > .col-inner {\n  border-radius: 15px;\n}\n<\/style>\n<\/div>\n\t\t<\/div>\n\n\t\t\n<style>\n#section_1205210193 {\n  padding-top: 30px;\n  padding-bottom: 30px;\n  min-height: 350px;\n}\n#section_1205210193 .section-bg img {\n  object-position: 81% 22%;\n}\n<\/style>\n\t<\/section>\n\t\n\n\t<section class=\"section has-mask mask-arrow has-parallax\" id=\"section_1800160288\">\n\t\t<div class=\"section-bg fill\" data-parallax-container=\".section\" data-parallax-background data-parallax=\"-10\">\n\t\t\t<img loading=\"lazy\" decoding=\"async\" width=\"2400\" height=\"750\" src=\"https:\/\/www.sideaita.it\/wp-content\/uploads\/2023\/06\/copertina-3016-Tappetino-Yoga-grigio-6.jpg\" class=\"bg attachment-original size-original\" alt=\"Housse grise pour tapis de yoga\" \/>\t\t\t\t\t\t\n\t\t\t\n\n\t\t<\/div>\n\n\t\t\n\n\t\t<div class=\"section-content relative\">\n\t\t\t\n\t<div id=\"gap-1535584865\" class=\"gap-element clearfix\" style=\"display:block; height:auto;\">\n\t\t\n<style>\n#gap-1535584865 {\n  padding-top: 30px;\n}\n<\/style>\n\t<\/div>\n\t\n<div class=\"row align-equal\"  id=\"row-216981883\">\n\n\t<div id=\"col-1168874907\" class=\"col medium-12 small-12 large-4\"  >\n\t\t\t\t<div class=\"col-inner box-shadow-2 box-shadow-3-hover\"  >\n\t\t\t\n\t\t\t\n  <div class=\"icon-box testimonial-box icon-box-center text-center\">\n                <div class=\"icon-box-text p-last-0\">\n          <div class=\"star-rating\" role=\"img\" aria-label=\"Rated 5 out of 5\"><span style=\"width:100%\"><strong class=\"rating\"><\/strong><\/span><\/div>  \t\t\t\t<div class=\"testimonial-text line-height-small italic test_text first-reset last-reset is-italic\">\n            \n<h3>Avantages du d\u00e9veloppement durable pour les entreprises<\/h3>\n<p>L'adoption d'une approche durable offre aux entreprises un certain nombre d'avantages tangibles. Sur le plan \u00e9conomique, elle peut ouvrir de nouveaux d\u00e9bouch\u00e9s et am\u00e9liorer l'efficacit\u00e9 op\u00e9rationnelle, ce qui permet de r\u00e9duire les co\u00fbts et d'accro\u00eetre la comp\u00e9titivit\u00e9.<\/p>\n<p>D'un point de vue environnemental, il contribue \u00e0 la pr\u00e9servation des ressources pour les g\u00e9n\u00e9rations futures et \u00e0 la r\u00e9duction des risques li\u00e9s au changement climatique.<\/p>\n<p>Sur le plan social, elle am\u00e9liore la r\u00e9putation de l'entreprise, attire les talents et renforce les liens avec les clients et les communaut\u00e9s, qui sont de plus en plus sensibles aux questions \u00e9thiques et environnementales.<\/p>\n          <\/div>\n          <div class=\"testimonial-meta pt-half\">\n             <strong class=\"testimonial-name test_name\">Sidea<\/strong>\n                          <span class=\"testimonial-company test_company\"><\/span>\n          <\/div>\n        <\/div>\n  <\/div>\n\n  \n\t\t<\/div>\n\t\t\t\t\t<\/div>\n\n\t\n\n\t<div id=\"col-1232080767\" class=\"col medium-12 small-12 large-4\"  >\n\t\t\t\t<div class=\"col-inner box-shadow-2 box-shadow-3-hover\"  >\n\t\t\t\n\t\t\t\n  <div class=\"icon-box testimonial-box icon-box-center text-center\">\n                <div class=\"icon-box-text p-last-0\">\n          <div class=\"star-rating\" role=\"img\" aria-label=\"Rated 5 out of 5\"><span style=\"width:100%\"><strong class=\"rating\"><\/strong><\/span><\/div>  \t\t\t\t<div class=\"testimonial-text line-height-small italic test_text first-reset last-reset is-italic\">\n            \n<h3>D\u00e9fis et opportunit\u00e9s<\/h3>\n<p>Malgr\u00e9 une acceptation croissante, la transition vers le d\u00e9veloppement durable des entreprises pr\u00e9sente des d\u00e9fis, notamment la n\u00e9cessit\u00e9 de concilier les objectifs \u00e0 court terme avec les investissements \u00e0 long terme et la gestion de la complexit\u00e9 inh\u00e9rente \u00e0 l'\u00e9quilibre entre les trois piliers.<\/p>\n<p>Toutefois, compte tenu de la pression croissante exerc\u00e9e par les consommateurs, les investisseurs et les autorit\u00e9s de r\u00e9glementation en faveur d'activit\u00e9s plus durables, les entreprises qui anticipent et adoptent ces pratiques peuvent non seulement att\u00e9nuer les risques, mais aussi saisir de nouvelles opportunit\u00e9s, en conduisant le changement vers un avenir plus durable et plus r\u00e9silient.<\/p>\n          <\/div>\n          <div class=\"testimonial-meta pt-half\">\n             <strong class=\"testimonial-name test_name\">Sidea<\/strong>\n                          <span class=\"testimonial-company test_company\"><\/span>\n          <\/div>\n        <\/div>\n  <\/div>\n\n  \n\t\t<\/div>\n\t\t\t\t\t<\/div>\n\n\t\n\n\t<div id=\"col-5047450\" class=\"col medium-12 small-12 large-4\"  >\n\t\t\t\t<div class=\"col-inner box-shadow-2 box-shadow-3-hover\"  >\n\t\t\t\n\t\t\t\n  <div class=\"icon-box testimonial-box icon-box-center text-center\">\n                <div class=\"icon-box-text p-last-0\">\n          <div class=\"star-rating\" role=\"img\" aria-label=\"Rated 5 out of 5\"><span style=\"width:100%\"><strong class=\"rating\"><\/strong><\/span><\/div>  \t\t\t\t<div class=\"testimonial-text line-height-small italic test_text first-reset last-reset is-italic\">\n            \n<h3>Strat\u00e9gies pour le d\u00e9veloppement durable<\/h3>\n<p>Pour \u00eatre durables, les entreprises doivent int\u00e9grer des consid\u00e9rations \u00e9conomiques, environnementales et sociales dans leurs strat\u00e9gies commerciales.<\/p>\n<p>Il s'agit notamment d'adopter des politiques de responsabilit\u00e9 sociale des entreprises (RSE), d'innover dans les produits et les processus afin de r\u00e9duire l'impact sur l'environnement, et de s'engager dans des pratiques de gouvernance transparentes et inclusives. En outre, la collaboration avec les parties prenantes, les gouvernements, les ONG et d'autres entreprises peut amplifier l'impact positif des initiatives en mati\u00e8re de d\u00e9veloppement durable.<\/p>\n          <\/div>\n          <div class=\"testimonial-meta pt-half\">\n             <strong class=\"testimonial-name test_name\">Sidea<\/strong>\n                          <span class=\"testimonial-company test_company\"><\/span>\n          <\/div>\n        <\/div>\n  <\/div>\n\n  \n\t\t<\/div>\n\t\t\t\t\t<\/div>\n\n\t\n\n<style>\n#row-216981883 > .col > .col-inner {\n  padding: 40px 25px 40px 25px;\n  background-color: rgba(255, 255, 255, 0.95);\n}\n@media (min-width:550px) {\n  #row-216981883 > .col > .col-inner {\n    padding: 80px 25px 80px 25px;\n  }\n}\n<\/style>\n<\/div>\n\t\t<\/div>\n\n\t\t\n<style>\n#section_1800160288 {\n  padding-top: 100px;\n  padding-bottom: 100px;\n  background-color: rgb(246, 246, 246);\n}\n#section_1800160288 .section-bg img {\n  object-position: 49% 18%;\n}\n<\/style>\n\t<\/section>\n\t\n\n\t<section class=\"section has-mask mask-arrow\" id=\"section_712074991\">\n\t\t<div class=\"section-bg fill\" >\n\t\t\t<img loading=\"lazy\" decoding=\"async\" width=\"1000\" height=\"1000\" src=\"https:\/\/www.sideaita.it\/wp-content\/uploads\/2023\/07\/2092K-kit-outdoor-1-12-.jpg\" class=\"bg attachment-original size-original\" alt=\"2092K1 Kit ext\u00e9rieur\" title=\"2092K1 Kit ext\u00e9rieur\" \/>\t\t\t\t\t\t<div class=\"section-bg-overlay absolute fill\"><\/div>\n\t\t\t\n\n\t\t<\/div>\n\n\t\t\n\n\t\t<div class=\"section-content relative\">\n\t\t\t\n<div class=\"row row-small row-full-width align-center row-box-shadow-2 row-box-shadow-3-hover\"  id=\"row-1797662329\">\n\n\t<div id=\"col-613320074\" class=\"col small-12 large-12\"  >\n\t\t\t\t<div class=\"col-inner\"  >\n\t\t\t\n\t\t\t\n\t<div id=\"text-2495596352\" class=\"text\">\n\t\t\n<h3>\u00a0<\/h3>\n<h3>Un exemple concret : la r\u00e9utilisation des emballages<\/h3>\n<p>Nous recevons souvent des commentaires de clients sur l'exc\u00e8s et le pr\u00e9tendu gaspillage d'emballages.<\/p>\n<p>Au contraire, l'\u00e9pargne repr\u00e9sente un d\u00e9fi majeur pour nous.<\/p>\n<p>Cependant, comme nous ne pouvons pas travailler sur la r\u00e9duction des mat\u00e9riaux, en raison des transporteurs qui ne pr\u00eatent pas attention aux marchandises, nous ne pouvons r\u00e9duire notre empreinte \u00e9cologique qu'en r\u00e9utilisant et en optimisant les emballages en bois, en plastique et en carton.<\/p>\n<p>C'est pourquoi, dans le cadre de notre logistique, nous transformons les emballages tertiaires en emballages secondaires et primaires, selon les besoins. Dans la pratique, nous envoyons moins de 10% des mat\u00e9riaux d'emballage provenant des fournisseurs pour une collecte s\u00e9par\u00e9e et un recyclage ult\u00e9rieur, car les 90% sont r\u00e9utilis\u00e9s, soit comme conteneur, soit comme mat\u00e9riau de protection et de remplissage.<\/p>\n<p>Gr\u00e2ce \u00e0 l'optimisation de l'espace, un emballage peut souvent contenir des produits suppl\u00e9mentaires, ce qui nous permet de r\u00e9aliser des \u00e9conomies suppl\u00e9mentaires.<\/p>\n<p>\u00a0<\/p>\n\t\t\n<style>\n#text-2495596352 {\n  text-align: center;\n}\n<\/style>\n\t<\/div>\n\t\n\t\t<\/div>\n\t\t\t\t\t<\/div>\n\n\t\n\n<style>\n#row-1797662329 > .col > .col-inner {\n  padding: 0px 20px 0px 20px;\n  background-color: rgba(255, 255, 255, 0.826);\n  border-radius: 25px;\n}\n<\/style>\n<\/div>\n\t\t<\/div>\n\n\t\t\n<style>\n#section_712074991 {\n  padding-top: 30px;\n  padding-bottom: 30px;\n}\n#section_712074991 .section-bg-overlay {\n  background-color: rgba(255, 255, 255, 0.378);\n}\n#section_712074991 .section-bg img {\n  object-position: 48% 92%;\n}\n@media (min-width:550px) {\n  #section_712074991 {\n    padding-top: 100px;\n    padding-bottom: 100px;\n  }\n}\n<\/style>\n\t<\/section>","protected":false},"excerpt":{"rendered":"","protected":false},"author":1,"featured_media":280759,"parent":0,"menu_order":0,"comment_status":"closed","ping_status":"closed","template":"","meta":{"footnotes":""},"class_list":["post-304330","page","type-page","status-publish","has-post-thumbnail","hentry"],"yoast_head":"<!-- This site is optimized with the Yoast SEO Premium plugin v28.1 (Yoast SEO v28.1) - https:\/\/yoast.com\/product\/yoast-seo-premium-wordpress\/ -->\n<title>Sostenibilit\u00e0 - Sidea | Attrezzatura Fitness Professionale<\/title>\n<meta name=\"robots\" content=\"index, follow, max-snippet:-1, max-image-preview:large, max-video-preview:-1\" \/>\n<link rel=\"canonical\" href=\"https:\/\/www.sideaita.it\/fr\/la-durabilite\/\" \/>\n<meta property=\"og:locale\" content=\"fr_FR\" \/>\n<meta property=\"og:type\" content=\"article\" \/>\n<meta property=\"og:title\" content=\"Sostenibilit\u00e0\" \/>\n<meta property=\"og:url\" content=\"https:\/\/www.sideaita.it\/fr\/la-durabilite\/\" \/>\n<meta property=\"og:site_name\" content=\"Sidea | Attrezzatura Fitness Professionale\" \/>\n<meta property=\"article:publisher\" content=\"https:\/\/www.facebook.com\/sideaita\/\" \/>\n<meta property=\"article:modified_time\" content=\"2025-06-14T08:28:04+00:00\" \/>\n<meta property=\"og:image\" content=\"https:\/\/www.sideaita.it\/wp-content\/uploads\/2023\/11\/25\u00b0new-logo-black-Sidea.png\" \/>\n\t<meta property=\"og:image:width\" content=\"1400\" \/>\n\t<meta property=\"og:image:height\" content=\"322\" \/>\n\t<meta property=\"og:image:type\" content=\"image\/png\" \/>\n<meta name=\"twitter:card\" content=\"summary_large_image\" \/>\n<script type=\"application\/ld+json\" class=\"yoast-schema-graph\">{\"@context\":\"https:\\\/\\\/schema.org\",\"@graph\":[{\"@type\":\"WebPage\",\"@id\":\"https:\\\/\\\/www.sideaita.it\\\/sostenibilita\\\/\",\"url\":\"https:\\\/\\\/www.sideaita.it\\\/sostenibilita\\\/\",\"name\":\"Sostenibilit\u00e0 - Sidea | Attrezzatura Fitness Professionale\",\"isPartOf\":{\"@id\":\"https:\\\/\\\/www.sideaita.it\\\/#website\"},\"primaryImageOfPage\":{\"@id\":\"https:\\\/\\\/www.sideaita.it\\\/sostenibilita\\\/#primaryimage\"},\"image\":{\"@id\":\"https:\\\/\\\/www.sideaita.it\\\/sostenibilita\\\/#primaryimage\"},\"thumbnailUrl\":\"https:\\\/\\\/www.sideaita.it\\\/wp-content\\\/uploads\\\/2023\\\/11\\\/25\u00b0new-logo-black-Sidea.png\",\"datePublished\":\"2024-03-03T10:20:19+00:00\",\"dateModified\":\"2025-06-14T08:28:04+00:00\",\"breadcrumb\":{\"@id\":\"https:\\\/\\\/www.sideaita.it\\\/sostenibilita\\\/#breadcrumb\"},\"inLanguage\":\"fr-FR\",\"potentialAction\":[{\"@type\":\"ReadAction\",\"target\":[\"https:\\\/\\\/www.sideaita.it\\\/sostenibilita\\\/\"]}]},{\"@type\":\"ImageObject\",\"inLanguage\":\"fr-FR\",\"@id\":\"https:\\\/\\\/www.sideaita.it\\\/sostenibilita\\\/#primaryimage\",\"url\":\"https:\\\/\\\/www.sideaita.it\\\/wp-content\\\/uploads\\\/2023\\\/11\\\/25\u00b0new-logo-black-Sidea.png\",\"contentUrl\":\"https:\\\/\\\/www.sideaita.it\\\/wp-content\\\/uploads\\\/2023\\\/11\\\/25\u00b0new-logo-black-Sidea.png\",\"width\":1400,\"height\":322,\"caption\":\"\u00b0new black Sidea\"},{\"@type\":\"BreadcrumbList\",\"@id\":\"https:\\\/\\\/www.sideaita.it\\\/sostenibilita\\\/#breadcrumb\",\"itemListElement\":[{\"@type\":\"ListItem\",\"position\":1,\"name\":\"Home\",\"item\":\"https:\\\/\\\/www.sideaita.it\\\/\"},{\"@type\":\"ListItem\",\"position\":2,\"name\":\"Sostenibilit\u00e0\"}]},{\"@type\":\"WebSite\",\"@id\":\"https:\\\/\\\/www.sideaita.it\\\/#website\",\"url\":\"https:\\\/\\\/www.sideaita.it\\\/\",\"name\":\"Sidea | Attrezzatura Fitness Professionale\",\"description\":\"SIDEA \u2013 Allenati, diventa pi\u00f9 forte, vivi meglio | Attrezzatura professionale per la preparazione fisica ed il functional training. Nata dalla passione per lo sport, sviluppata per le palestre.\",\"publisher\":{\"@id\":\"https:\\\/\\\/www.sideaita.it\\\/#organization\"},\"potentialAction\":[{\"@type\":\"SearchAction\",\"target\":{\"@type\":\"EntryPoint\",\"urlTemplate\":\"https:\\\/\\\/www.sideaita.it\\\/?s={search_term_string}\"},\"query-input\":{\"@type\":\"PropertyValueSpecification\",\"valueRequired\":true,\"valueName\":\"search_term_string\"}}],\"inLanguage\":\"fr-FR\"},{\"@type\":\"Organization\",\"@id\":\"https:\\\/\\\/www.sideaita.it\\\/#organization\",\"name\":\"Sidea Srl\",\"alternateName\":\"Sidea\",\"url\":\"https:\\\/\\\/www.sideaita.it\\\/\",\"logo\":{\"@type\":\"ImageObject\",\"inLanguage\":\"fr-FR\",\"@id\":\"https:\\\/\\\/www.sideaita.it\\\/#\\\/schema\\\/logo\\\/image\\\/\",\"url\":\"https:\\\/\\\/www.sideaita.it\\\/wp-content\\\/uploads\\\/2023\\\/06\\\/cropped-logo-solo-s-1440x1440-1.jpg\",\"contentUrl\":\"https:\\\/\\\/www.sideaita.it\\\/wp-content\\\/uploads\\\/2023\\\/06\\\/cropped-logo-solo-s-1440x1440-1.jpg\",\"width\":512,\"height\":512,\"caption\":\"Sidea Srl\"},\"image\":{\"@id\":\"https:\\\/\\\/www.sideaita.it\\\/#\\\/schema\\\/logo\\\/image\\\/\"},\"sameAs\":[\"https:\\\/\\\/www.facebook.com\\\/sideaita\\\/\",\"https:\\\/\\\/www.instagram.com\\\/sidea_fitness\\\/\",\"https:\\\/\\\/www.linkedin.com\\\/company\\\/sideafitness\\\/\",\"https:\\\/\\\/www.pinterest.it\\\/sideafitness\\\/\",\"https:\\\/\\\/www.youtube.com\\\/user\\\/FitnessIT\\\/\",\"https:\\\/\\\/www.tiktok.com\\\/@sidea_fitness\"],\"description\":\"SIDEA \u2013 Allenati, diventa pi\u00f9 forte, vivi meglio | Attrezzatura professionale per la preparazione fisica ed il functional training. Nata dalla passione per lo sport, sviluppata per le palestre.\",\"email\":\"sidea@sideaita.it\",\"legalName\":\"Sidea Srl\",\"vatID\":\"IT02693190403\",\"taxID\":\"IT02693190403\",\"hasMerchantReturnPolicy\":{\"@type\":\"MerchantReturnPolicy\",\"merchantReturnLink\":\"https:\\\/\\\/www.sideaita.it\\\/fr\\\/termini-condizioni-di-vendita\\\/\"}}]}<\/script>\n<!-- \/ Yoast SEO Premium plugin. -->","yoast_head_json":{"title":"D\u00e9veloppement durable - Sidea | Professional Fitness Equipment","robots":{"index":"index","follow":"follow","max-snippet":"max-snippet:-1","max-image-preview":"max-image-preview:large","max-video-preview":"max-video-preview:-1"},"canonical":"https:\/\/www.sideaita.it\/fr\/la-durabilite\/","og_locale":"fr_FR","og_type":"article","og_title":"Sostenibilit\u00e0","og_url":"https:\/\/www.sideaita.it\/fr\/la-durabilite\/","og_site_name":"Sidea | Attrezzatura Fitness Professionale","article_publisher":"https:\/\/www.facebook.com\/sideaita\/","article_modified_time":"2025-06-14T08:28:04+00:00","og_image":[{"width":1400,"height":322,"url":"https:\/\/www.sideaita.it\/wp-content\/uploads\/2023\/11\/25\u00b0new-logo-black-Sidea.png","type":"image\/png"}],"twitter_card":"summary_large_image","schema":{"@context":"https:\/\/schema.org","@graph":[{"@type":"WebPage","@id":"https:\/\/www.sideaita.it\/sostenibilita\/","url":"https:\/\/www.sideaita.it\/sostenibilita\/","name":"D\u00e9veloppement durable - Sidea | Professional Fitness Equipment","isPartOf":{"@id":"https:\/\/www.sideaita.it\/#website"},"primaryImageOfPage":{"@id":"https:\/\/www.sideaita.it\/sostenibilita\/#primaryimage"},"image":{"@id":"https:\/\/www.sideaita.it\/sostenibilita\/#primaryimage"},"thumbnailUrl":"https:\/\/www.sideaita.it\/wp-content\/uploads\/2023\/11\/25\u00b0new-logo-black-Sidea.png","datePublished":"2024-03-03T10:20:19+00:00","dateModified":"2025-06-14T08:28:04+00:00","breadcrumb":{"@id":"https:\/\/www.sideaita.it\/sostenibilita\/#breadcrumb"},"inLanguage":"fr-FR","potentialAction":[{"@type":"ReadAction","target":["https:\/\/www.sideaita.it\/sostenibilita\/"]}]},{"@type":"ImageObject","inLanguage":"fr-FR","@id":"https:\/\/www.sideaita.it\/sostenibilita\/#primaryimage","url":"https:\/\/www.sideaita.it\/wp-content\/uploads\/2023\/11\/25\u00b0new-logo-black-Sidea.png","contentUrl":"https:\/\/www.sideaita.it\/wp-content\/uploads\/2023\/11\/25\u00b0new-logo-black-Sidea.png","width":1400,"height":322,"caption":"\u00b0new black Sidea"},{"@type":"BreadcrumbList","@id":"https:\/\/www.sideaita.it\/sostenibilita\/#breadcrumb","itemListElement":[{"@type":"ListItem","position":1,"name":"Home","item":"https:\/\/www.sideaita.it\/"},{"@type":"ListItem","position":2,"name":"Sostenibilit\u00e0"}]},{"@type":"WebSite","@id":"https:\/\/www.sideaita.it\/#website","url":"https:\/\/www.sideaita.it\/","name":"Sidea | \u00c9quipement de fitness professionnel","description":"SIDEA - Train, get stronger, live better | Equipement professionnel pour la pr\u00e9paration physique et l'entra\u00eenement fonctionnel. N\u00e9 d'une passion pour le sport, d\u00e9velopp\u00e9 pour les salles de sport.","publisher":{"@id":"https:\/\/www.sideaita.it\/#organization"},"potentialAction":[{"@type":"SearchAction","target":{"@type":"EntryPoint","urlTemplate":"https:\/\/www.sideaita.it\/?s={search_term_string}"},"query-input":{"@type":"PropertyValueSpecification","valueRequired":true,"valueName":"search_term_string"}}],"inLanguage":"fr-FR"},{"@type":"Organization","@id":"https:\/\/www.sideaita.it\/#organization","name":"Sidea Srl","alternateName":"Sidea","url":"https:\/\/www.sideaita.it\/","logo":{"@type":"ImageObject","inLanguage":"fr-FR","@id":"https:\/\/www.sideaita.it\/#\/schema\/logo\/image\/","url":"https:\/\/www.sideaita.it\/wp-content\/uploads\/2023\/06\/cropped-logo-solo-s-1440x1440-1.jpg","contentUrl":"https:\/\/www.sideaita.it\/wp-content\/uploads\/2023\/06\/cropped-logo-solo-s-1440x1440-1.jpg","width":512,"height":512,"caption":"Sidea Srl"},"image":{"@id":"https:\/\/www.sideaita.it\/#\/schema\/logo\/image\/"},"sameAs":["https:\/\/www.facebook.com\/sideaita\/","https:\/\/www.instagram.com\/sidea_fitness\/","https:\/\/www.linkedin.com\/company\/sideafitness\/","https:\/\/www.pinterest.it\/sideafitness\/","https:\/\/www.youtube.com\/user\/FitnessIT\/","https:\/\/www.tiktok.com\/@sidea_fitness"],"description":"SIDEA - Train, get stronger, live better | Equipement professionnel pour la pr\u00e9paration physique et l'entra\u00eenement fonctionnel. N\u00e9 d'une passion pour le sport, d\u00e9velopp\u00e9 pour les salles de sport.","email":"sidea@sideaita.it","legalName":"Sidea Srl","vatID":"IT02693190403","taxID":"IT02693190403","hasMerchantReturnPolicy":{"@type":"MerchantReturnPolicy","merchantReturnLink":"https:\/\/www.sideaita.it\/fr\/termini-condizioni-di-vendita\/"}}]}},"_links":{"self":[{"href":"https:\/\/www.sideaita.it\/fr\/wp-json\/wp\/v2\/pages\/304330","targetHints":{"allow":["GET"]}}],"collection":[{"href":"https:\/\/www.sideaita.it\/fr\/wp-json\/wp\/v2\/pages"}],"about":[{"href":"https:\/\/www.sideaita.it\/fr\/wp-json\/wp\/v2\/types\/page"}],"author":[{"embeddable":true,"href":"https:\/\/www.sideaita.it\/fr\/wp-json\/wp\/v2\/users\/1"}],"replies":[{"embeddable":true,"href":"https:\/\/www.sideaita.it\/fr\/wp-json\/wp\/v2\/comments?post=304330"}],"version-history":[{"count":9,"href":"https:\/\/www.sideaita.it\/fr\/wp-json\/wp\/v2\/pages\/304330\/revisions"}],"predecessor-version":[{"id":422639,"href":"https:\/\/www.sideaita.it\/fr\/wp-json\/wp\/v2\/pages\/304330\/revisions\/422639"}],"wp:featuredmedia":[{"embeddable":true,"href":"https:\/\/www.sideaita.it\/fr\/wp-json\/wp\/v2\/media\/280759"}],"wp:attachment":[{"href":"https:\/\/www.sideaita.it\/fr\/wp-json\/wp\/v2\/media?parent=304330"}],"curies":[{"name":"wp","href":"https:\/\/api.w.org\/{rel}","templated":true}]}}